{"id":27,"date":"2025-11-27T08:52:13","date_gmt":"2025-11-27T08:52:13","guid":{"rendered":"http:\/\/3.75.194.57\/?page_id=27"},"modified":"2025-12-08T18:00:54","modified_gmt":"2025-12-08T18:00:54","slug":"bordi","status":"publish","type":"page","link":"https:\/\/weca.al\/en\/bordi\/","title":{"rendered":"Board"},"content":{"rendered":"<div data-elementor-type=\"wp-page\" data-elementor-id=\"27\" class=\"elementor elementor-27\" data-elementor-post-type=\"page\">\n\t\t\t\t<div class=\"elementor-element elementor-element-d52d4a5 e-con-full e-flex e-con e-parent\" data-id=\"d52d4a5\" data-element_type=\"container\" data-e-type=\"container\" data-settings=\"{&quot;background_background&quot;:&quot;classic&quot;}\">\n\t\t\t\t<div class=\"elementor-element elementor-element-6eace67 elementor-widget elementor-widget-heading\" data-id=\"6eace67\" data-element_type=\"widget\" data-e-type=\"widget\" data-widget_type=\"heading.default\">\n\t\t\t\t\t<h2 class=\"elementor-heading-title elementor-size-default\">Governing Board<\/h2>\t\t\t\t<\/div>\n\t\t<div class=\"elementor-element elementor-element-8ee3d79 e-con-full e-flex e-con e-child\" data-id=\"8ee3d79\" data-element_type=\"container\" data-e-type=\"container\">\n\t\t<div class=\"elementor-element elementor-element-f10f362 e-con-full e-flex e-con e-child\" data-id=\"f10f362\" data-element_type=\"container\" data-e-type=\"container\" data-settings=\"{&quot;background_background&quot;:&quot;classic&quot;}\">\n\t\t\t\t<div class=\"elementor-element elementor-element-51fdbbf elementor-widget elementor-widget-image\" data-id=\"51fdbbf\" data-element_type=\"widget\" data-e-type=\"widget\" data-widget_type=\"image.default\">\n\t\t\t\t\t\t\t\t\t\t\t\t\t\t\t<img fetchpriority=\"high\" decoding=\"async\" width=\"402\" height=\"402\" src=\"https:\/\/weca.al\/wp-content\/uploads\/2025\/12\/Antonela-Hako.png\" class=\"attachment-full size-full wp-image-337\" alt=\"\" srcset=\"https:\/\/weca.al\/wp-content\/uploads\/2025\/12\/Antonela-Hako.png 402w, https:\/\/weca.al\/wp-content\/uploads\/2025\/12\/Antonela-Hako-300x300.png 300w, https:\/\/weca.al\/wp-content\/uploads\/2025\/12\/Antonela-Hako-150x150.png 150w\" sizes=\"(max-width: 402px) 100vw, 402px\" \/>\t\t\t\t\t\t\t\t\t\t\t\t\t\t\t<\/div>\n\t\t<div class=\"elementor-element elementor-element-97b4528 e-con-full e-flex e-con e-child\" data-id=\"97b4528\" data-element_type=\"container\" data-e-type=\"container\">\n\t\t\t\t<div class=\"elementor-element elementor-element-6024e93 elementor-widget elementor-widget-heading\" data-id=\"6024e93\" data-element_type=\"widget\" data-e-type=\"widget\" data-widget_type=\"heading.default\">\n\t\t\t\t\t<h2 class=\"elementor-heading-title elementor-size-default\">Antonela Hako<\/h2>\t\t\t\t<\/div>\n\t\t\t\t<div class=\"elementor-element elementor-element-f03be44 elementor-widget elementor-widget-heading\" data-id=\"f03be44\" data-element_type=\"widget\" data-e-type=\"widget\" data-widget_type=\"heading.default\">\n\t\t\t\t\t<h2 class=\"elementor-heading-title elementor-size-default\">Chairwoman of the Women\u2019s Economic Chamber (Hako sh.p.k.)<\/h2>\t\t\t\t<\/div>\n\t\t\t\t<div class=\"elementor-element elementor-element-ddeb46f text-sss elementor-widget elementor-widget-text-editor\" data-id=\"ddeb46f\" data-element_type=\"widget\" data-e-type=\"widget\" data-widget_type=\"text-editor.default\">\n\t\t\t\t\t\t\t\t\t<p>Rrug\u00ebtimi i saj pasqyron udh\u00ebzimet m\u00eb t\u00eb mira p\u00ebr t\u00eb zhvilluar karrier\u00eb. Pas p\u00ebrfundimit t\u00eb studimeve n\u00eb Fakuletin Ekonomik n\u00eb Financ\u00eb n\u00eb vitin 1988 n\u00eb universitetin e Tiran\u00ebs, Antonela Hako punon p\u00ebr dy vite si ekonomiste n\u00eb La\u00e7, n\u00eb Nd\u00ebrrmarjen e Nd\u00ebrtimeve Industriale.<br \/>N\u00eb vitin 1990 angazhohet me pun\u00eb pran\u00eb qendr\u00ebs s\u00eb informatik\u00ebs ekonomike n\u00eb Tirane. Por, me ndryshimet q\u00eb ndodh\u00ebn n\u00eb Shqip\u00ebri ajo vendos t\u00eb emigroj\u00eb n\u00eb dhjetor t\u00eb po k\u00ebtij viti n\u00eb Greqi. Ndryshe nga shum\u00eb emigrant t\u00eb tjer\u00eb, vendimi p\u00ebr t\u2019u rikthyer \u00ebsht\u00eb m\u00eb i shpejt\u00eb. Familja e saj rikthehet kat\u00ebr vite m\u00eb von\u00eb, duke hapur biznesin e par\u00eb, nj\u00eb dyqan mishi pran\u00eb gjimnazit \u201cPartizani\u201d.<br \/>Vet\u00ebm nj\u00eb vit m\u00eb von\u00eb, n\u00eb 1995 Hako kalon n\u00eb nj\u00eb pik\u00eb m\u00eb t\u00eb madh\u00eb te Pazari i Ri. K\u00ebtu fillon prodhimi i par\u00eb me makineri t\u00eb vogla e t\u00eb thjeshta t\u00eb qofteve dhe mishi i grir\u00eb i paketuar. Pas nj\u00eb viti n\u00ebrmerret nj\u00eb tjet\u00ebr hap zgjerimi. Zhvendosje n\u00eb rrug\u00ebn Mihal Grameno dhe zgjerim me makineri t\u00eb p\u00ebrdorura dhe dhoma frigoriferike. T\u00eb pun\u00ebsuarit arrijn\u00eb n\u00eb 15.<br \/>N\u00eb nj\u00eb vit t\u00eb trazuar si ai i \u201997-\u00ebs, Antonela Hako kalon me sip\u00ebrmarrjen e saj n\u00eb Laprak\u00eb, n\u00eb ambientet e ish uzin\u00ebs Tirana. Edhe aty investohet n\u00eb makineri shtese dhe nj\u00eb linj\u00eb t\u00eb vog\u00ebl p\u00ebr prodhimin e sallameris\u00eb dhe proshutave.<br \/>Stabilimenti i sot\u00ebm n\u00eb autostrad\u00eb, i p\u00ebrket 2004-\u00ebs. Linja teknologjike u z\u00ebvend\u00ebsua me makineri t\u00eb reja prodhimi dhe paketimi. U rrit numri i t\u00eb pun\u00ebsuarve, gama e produkteve. U krijua flota e transportit dhe filloi shp\u00ebrndarja n\u00eb t\u00eb gjith\u00eb vendin.<br \/>N\u00eb gjith\u00eb k\u00ebt\u00eb rrug\u00ebtim, Antonela angazhohet me financat e kompanis\u00eb dhe m\u00eb pas me shitjen dhe marketingun. Nd\u00ebrsa, ishte edhe pjes\u00eb e vendimarrjes p\u00ebr politikat dhe m\u00ebnyr\u00ebn e t\u00eb sjellurit t\u00eb kompanis\u00eb n\u00eb treg.<br \/>Sot, Antonela Hako dhe familja e saj, kan\u00eb mbi 200 t\u00eb pun\u00ebsuar, duke mbuluar me sh\u00ebrbime t\u00eb gjith\u00eb territorin e vendit, nd\u00ebrsa kan\u00eb nisur projektin e zhvillimit edhe n\u00eb Kosov\u00eb.<\/p>\t\t\t\t\t\t\t\t<\/div>\n\t\t\t\t<\/div>\n\t\t\t\t<\/div>\n\t\t<div class=\"elementor-element elementor-element-9b38866 e-con-full e-flex e-con e-child\" data-id=\"9b38866\" data-element_type=\"container\" data-e-type=\"container\" data-settings=\"{&quot;background_background&quot;:&quot;classic&quot;}\">\n\t\t\t\t<div class=\"elementor-element elementor-element-d2b5534 elementor-widget elementor-widget-image\" data-id=\"d2b5534\" data-element_type=\"widget\" data-e-type=\"widget\" data-widget_type=\"image.default\">\n\t\t\t\t\t\t\t\t\t\t\t\t\t\t\t<img decoding=\"async\" width=\"402\" height=\"402\" data-src=\"https:\/\/weca.al\/wp-content\/uploads\/2025\/12\/Antoneta-Ndreka.png\" class=\"attachment-full size-full wp-image-374 lazyload\" alt=\"\" data-srcset=\"https:\/\/weca.al\/wp-content\/uploads\/2025\/12\/Antoneta-Ndreka.png 402w, https:\/\/weca.al\/wp-content\/uploads\/2025\/12\/Antoneta-Ndreka-300x300.png 300w, https:\/\/weca.al\/wp-content\/uploads\/2025\/12\/Antoneta-Ndreka-150x150.png 150w\" data-sizes=\"(max-width: 402px) 100vw, 402px\" src=\"data:image\/svg+xml;base64,PHN2ZyB3aWR0aD0iMSIgaGVpZ2h0PSIxIiB4bWxucz0iaHR0cDovL3d3dy53My5vcmcvMjAwMC9zdmciPjwvc3ZnPg==\" style=\"--smush-placeholder-width: 402px; --smush-placeholder-aspect-ratio: 402\/402;\" \/>\t\t\t\t\t\t\t\t\t\t\t\t\t\t\t<\/div>\n\t\t<div class=\"elementor-element elementor-element-eb08e8d e-con-full e-flex e-con e-child\" data-id=\"eb08e8d\" data-element_type=\"container\" data-e-type=\"container\">\n\t\t\t\t<div class=\"elementor-element elementor-element-37d4445 elementor-widget elementor-widget-heading\" data-id=\"37d4445\" data-element_type=\"widget\" data-e-type=\"widget\" data-widget_type=\"heading.default\">\n\t\t\t\t\t<h2 class=\"elementor-heading-title elementor-size-default\">Antoneta Ndreka<\/h2>\t\t\t\t<\/div>\n\t\t\t\t<div class=\"elementor-element elementor-element-c0e98db elementor-widget elementor-widget-heading\" data-id=\"c0e98db\" data-element_type=\"widget\" data-e-type=\"widget\" data-widget_type=\"heading.default\">\n\t\t\t\t\t<h2 class=\"elementor-heading-title elementor-size-default\">Honorary President of the Women\u2019s Economic Chamber (Lufra shpk, Dukat shpk)<\/h2>\t\t\t\t<\/div>\n\t\t\t\t<div class=\"elementor-element elementor-element-df58448 text-sss elementor-widget elementor-widget-text-editor\" data-id=\"df58448\" data-element_type=\"widget\" data-e-type=\"widget\" data-widget_type=\"text-editor.default\">\n\t\t\t\t\t\t\t\t\t<p>Antoneta Ndreka\u00a0\u00ebsht\u00eb bashk\u00ebthemeluese e LUFRA sh.p.k. dhe ujit Dukat.<br \/>Antoneta ka mbajtur me sukses p\u00ebr m\u00eb shum\u00eb se 27 vite pozicionin e Drejtores s\u00eb Prodhimit dhe Planifikimit. N\u00eb krye t\u00eb kontrollit t\u00eb cil\u00ebsis\u00eb dhe t\u00eb gjith\u00eb procesit t\u00eb prodhimit, ajo ka p\u00ebrgjegj\u00ebsin\u00eb p\u00ebr hartimin, p\u00ebrdit\u00ebsimin dhe zbatimin e t\u00eb gjitha procedurave e standardeve m\u00eb t\u00eb larta n\u00eb lidhje me \u00e7do produkt t\u00eb prodhuar.<br \/>Studimet klasike i p\u00ebrmbyll n\u00eb fush\u00ebn e sh\u00ebndet\u00ebsis\u00eb dhe infermieris\u00eb, n\u00eb Vlor\u00eb, p\u00ebr t\u00eb vijuar me formime teknike n\u00eb fush\u00ebn e biznesit.<br \/>Ajo b\u00ebhet pjes\u00eb e disa moduleve trajnimi t\u00eb marra n\u00eb pun\u00eb nga Chr. Hansen Holding A \/S Danimark\u00eb, n\u00eb probiotik\u00eb, kultur\u00eb, etj.<br \/>Antoneta ka ndjekur kurse p\u00ebr teknika dhe procese t\u00eb ndryshme t\u00eb prodhimit t\u00eb qum\u00ebshtit UHT, t\u00eb marra n\u00eb disa module n\u00eb Itali n\u00eb grupin Parmalat.<br \/>P\u00ebrmes USAID \/ Partner\u00ebt, ajo b\u00ebhet pjes\u00eb e disa programeve kualifikimi fokusuar tek drejtuesit e industris\u00eb s\u00eb qum\u00ebshtit.<br \/>N\u00eb detyr\u00ebn e saj n\u00eb kompani ka p\u00ebrvoja t\u00eb ndryshme dhe ka fituar disa aft\u00ebsi.<br \/>Antoneta ishte p\u00ebrgjegj\u00ebse p\u00ebr formulimin e vizionit t\u00eb departamentit t\u00eb Menaxhimit t\u00eb Produkteve dhe gjithashtu p\u00ebr shp\u00ebrndarjen e k\u00ebtij vizioni n\u00eb \u00e7do n\u00ebn-departament dhe punonj\u00ebs n\u00eb departament.<br \/>Sigurimin q\u00eb \u00e7do n\u00ebn-departament t\u00eb udh\u00ebhiqet nga nj\u00eb vizion i unifikuar dhe koheziv.<br \/>Sigurimin e fazave t\u00eb zhvillimit t\u00eb produktit deri n\u00eb nivelin p\u00ebrfundimtar t\u00eb gatsh\u00ebm p\u00ebr treg.<br \/>P\u00ebrgjegj\u00ebse p\u00ebr p\u00ebrmir\u00ebsimin e vazhduesh\u00ebm t\u00eb produktit, si dhe p\u00ebrputhjen e produktit me nevojat e tregut, t\u00eb p\u00ebrfshira n\u00eb nj\u00eb p\u00ebrvoj\u00eb t\u00eb produktit, i cili k\u00ebnaq vazhdimisht dhe n\u00eb m\u00ebnyr\u00eb t\u00eb vazhdueshme konsumator\u00ebt.<br \/>Ajo merret edhe m\u00eb intervistimin, rekrutimin, marrjen n\u00eb pun\u00eb dhe mentorimin e personelit kryesor t\u00eb menaxhimit t\u00eb produktit. Gjithashtu \u00ebshte e ngarkuar me krijimin e nj\u00eb ambienti pune emocionues, dinamik dhe t\u00eb q\u00ebndruesh\u00ebm q\u00eb t\u00ebrheq brenda dhe ruan talentin n\u00eb departament.<\/p>\t\t\t\t\t\t\t\t<\/div>\n\t\t\t\t<\/div>\n\t\t\t\t<\/div>\n\t\t<div class=\"elementor-element elementor-element-cced39e e-con-full e-flex e-con e-child\" data-id=\"cced39e\" data-element_type=\"container\" data-e-type=\"container\" data-settings=\"{&quot;background_background&quot;:&quot;classic&quot;}\">\n\t\t\t\t<div class=\"elementor-element elementor-element-b71dd13 elementor-widget elementor-widget-image\" data-id=\"b71dd13\" data-element_type=\"widget\" data-e-type=\"widget\" data-widget_type=\"image.default\">\n\t\t\t\t\t\t\t\t\t\t\t\t\t\t\t<img decoding=\"async\" width=\"402\" height=\"402\" data-src=\"https:\/\/weca.al\/wp-content\/uploads\/2025\/12\/Alida-Kondi.png\" class=\"attachment-full size-full wp-image-373 lazyload\" alt=\"\" data-srcset=\"https:\/\/weca.al\/wp-content\/uploads\/2025\/12\/Alida-Kondi.png 402w, https:\/\/weca.al\/wp-content\/uploads\/2025\/12\/Alida-Kondi-300x300.png 300w, https:\/\/weca.al\/wp-content\/uploads\/2025\/12\/Alida-Kondi-150x150.png 150w\" data-sizes=\"(max-width: 402px) 100vw, 402px\" src=\"data:image\/svg+xml;base64,PHN2ZyB3aWR0aD0iMSIgaGVpZ2h0PSIxIiB4bWxucz0iaHR0cDovL3d3dy53My5vcmcvMjAwMC9zdmciPjwvc3ZnPg==\" style=\"--smush-placeholder-width: 402px; --smush-placeholder-aspect-ratio: 402\/402;\" \/>\t\t\t\t\t\t\t\t\t\t\t\t\t\t\t<\/div>\n\t\t<div class=\"elementor-element elementor-element-75d9118 e-con-full e-flex e-con e-child\" data-id=\"75d9118\" data-element_type=\"container\" data-e-type=\"container\">\n\t\t\t\t<div class=\"elementor-element elementor-element-1654ac3 elementor-widget elementor-widget-heading\" data-id=\"1654ac3\" data-element_type=\"widget\" data-e-type=\"widget\" data-widget_type=\"heading.default\">\n\t\t\t\t\t<h2 class=\"elementor-heading-title elementor-size-default\">Alida Kondi<\/h2>\t\t\t\t<\/div>\n\t\t\t\t<div class=\"elementor-element elementor-element-5e37d2f elementor-widget elementor-widget-heading\" data-id=\"5e37d2f\" data-element_type=\"widget\" data-e-type=\"widget\" data-widget_type=\"heading.default\">\n\t\t\t\t\t<h2 class=\"elementor-heading-title elementor-size-default\">Vice Chairwoman (Center for the Promotion of Competitiveness)<\/h2>\t\t\t\t<\/div>\n\t\t\t\t<div class=\"elementor-element elementor-element-2a0e50d text-sss elementor-widget elementor-widget-text-editor\" data-id=\"2a0e50d\" data-element_type=\"widget\" data-e-type=\"widget\" data-widget_type=\"text-editor.default\">\n\t\t\t\t\t\t\t\t\t<p>Nd\u00ebrmarrje t\u00eb vogla dhe t\u00eb mesme e njohin, por edhe organizata rajonane e nd\u00ebrkomb\u00ebtare. Alida Kondi, e diplomuar n\u00eb fush\u00ebn e ekonomis\u00eb n\u00eb manaxhim turizmi dhe administrim publik, ka nj\u00eb p\u00ebrvoj\u00eb 30 vje\u00e7are n\u00eb zhvillimin e SME-ve, politikave t\u00eb SME-ve, zhvillimit t\u00eb turizmit, organizatave t\u00eb biznesit dhe konsulenc\u00ebs.<br \/>Prej 9 vitesh, Alida \u00ebsht\u00eb drejtore themeluese dhe financuese e organizat\u00ebs jo-fitimrur\u00ebse \u201cQendra p\u00ebr Promovimin e Konkurrueshm\u00ebris\u00eb\u201d, me fokus \u00a0zhvillimin e SME-ve, sip\u00ebrmarrjes dhe zhvillimit t\u00eb biznesit social dhe shoq\u00ebris\u00eb civile.<br \/>Alida \u00ebsht\u00eb ekspert senior n\u00eb fush\u00ebn e planifikimit, shkrimit, zhvillimit, manaxhimit dhe vler\u00ebsimit t\u00eb projekteve. Ajo ka nj\u00eb num\u00ebr punimesh, studime, tekst m\u00ebsimor, raporte p\u00ebr tregun e pun\u00ebs, biznesin dhe investimet, mbi nd\u00ebrmarrjet sociale n\u00eb Shqip\u00ebri, etj. Ajo ka eksperienc\u00eb n\u00eb hartimin e programeve p\u00ebr ngritjen e kapaciteteve dhe ofrim trajnimesh p\u00ebr biznese, organizata dhe institucione publike dhe raportuese p\u00ebr zbatimin e politikave t\u00eb SME-ve.Alida punon edhe si eksperte nd\u00ebrkomb\u00ebtare p\u00ebr projekte apo institucione publike.<\/p>\t\t\t\t\t\t\t\t<\/div>\n\t\t\t\t<\/div>\n\t\t\t\t<\/div>\n\t\t<div class=\"elementor-element elementor-element-558573a e-con-full e-flex e-con e-child\" data-id=\"558573a\" data-element_type=\"container\" data-e-type=\"container\" data-settings=\"{&quot;background_background&quot;:&quot;classic&quot;}\">\n\t\t\t\t<div class=\"elementor-element elementor-element-a107d33 elementor-widget elementor-widget-image\" data-id=\"a107d33\" data-element_type=\"widget\" data-e-type=\"widget\" data-widget_type=\"image.default\">\n\t\t\t\t\t\t\t\t\t\t\t\t\t\t\t<img decoding=\"async\" width=\"402\" height=\"402\" data-src=\"https:\/\/weca.al\/wp-content\/uploads\/2025\/12\/Alida-Kondi1.png\" class=\"attachment-full size-full wp-image-372 lazyload\" alt=\"\" data-srcset=\"https:\/\/weca.al\/wp-content\/uploads\/2025\/12\/Alida-Kondi1.png 402w, https:\/\/weca.al\/wp-content\/uploads\/2025\/12\/Alida-Kondi1-300x300.png 300w, https:\/\/weca.al\/wp-content\/uploads\/2025\/12\/Alida-Kondi1-150x150.png 150w\" data-sizes=\"(max-width: 402px) 100vw, 402px\" src=\"data:image\/svg+xml;base64,PHN2ZyB3aWR0aD0iMSIgaGVpZ2h0PSIxIiB4bWxucz0iaHR0cDovL3d3dy53My5vcmcvMjAwMC9zdmciPjwvc3ZnPg==\" style=\"--smush-placeholder-width: 402px; --smush-placeholder-aspect-ratio: 402\/402;\" \/>\t\t\t\t\t\t\t\t\t\t\t\t\t\t\t<\/div>\n\t\t<div class=\"elementor-element elementor-element-35454c4 e-con-full e-flex e-con e-child\" data-id=\"35454c4\" data-element_type=\"container\" data-e-type=\"container\">\n\t\t\t\t<div class=\"elementor-element elementor-element-2f97f91 elementor-widget elementor-widget-heading\" data-id=\"2f97f91\" data-element_type=\"widget\" data-e-type=\"widget\" data-widget_type=\"heading.default\">\n\t\t\t\t\t<h2 class=\"elementor-heading-title elementor-size-default\">Ylldise Brahimaj<\/h2>\t\t\t\t<\/div>\n\t\t\t\t<div class=\"elementor-element elementor-element-18f34a8 elementor-widget elementor-widget-heading\" data-id=\"18f34a8\" data-element_type=\"widget\" data-e-type=\"widget\" data-widget_type=\"heading.default\">\n\t\t\t\t\t<h2 class=\"elementor-heading-title elementor-size-default\">Themeluese &amp; an\u00ebtare bordi e Dhom\u00ebs Ekonomike t\u00eb Gruas<\/h2>\t\t\t\t<\/div>\n\t\t\t\t<div class=\"elementor-element elementor-element-6cb7a0d text-sss elementor-widget elementor-widget-text-editor\" data-id=\"6cb7a0d\" data-element_type=\"widget\" data-e-type=\"widget\" data-widget_type=\"text-editor.default\">\n\t\t\t\t\t\t\t\t\t<p>Ylldise Brahimaj, \u00ebsht\u00eb Drejtore Ekzekutive e VRDA Foundation. Ajo \u00ebsht\u00eb eksperte n\u00eb Menaxhimin e Projekteve dhe Zhvillimin e SME-ve, eksperte n\u00eb zhvillimin e SME-ve n\u00eb: \u00a0EU-SME project, EBRD,USAID,UNDP,GIZ \u00a0WEB4YES. Kualifikimet e saj jan\u00eb n\u00eb menaxhimin dhe ekspertiz\u00ebn e SME-ve,\u00a0\/Trainim\/coaching \/Mentorim, e specializuar n\u00eb disa fusha t\u00eb biznesit.<br \/>Brajhimaj \u00ebsht\u00eb eksperte e jashtme pran\u00eb Delegacionit Europian n\u00eb Shqip\u00ebri, p\u00ebr \u201cKonkurrueshm\u00ebri, biznes, inovacion dhe tregti\u201d.<br \/>P\u00ebrvojat e saj lidhen me:\u00a0\u00a0<br \/>Konsulenca n\u00eb zhvillimin ekonomik t\u00eb SME-ve (strategji dhe analiz\u00eb p\u00ebr nevojat e formimit)<br \/>Sip\u00ebrmarrje, Konkurrueshm\u00ebri, Inovacion, Zhvillim Rajonal dhe Lokal<br \/>Zhvillim i sektorit privat t\u00eb SME-ve p\u00ebrmes programeve IPA.<br \/>Ka ofruar trajnim dhe mentorim p\u00ebr SME-t\u00eb shqiptare grat\u00eb vendase dhe sip\u00ebrmarr\u00ebsit e rinj t\u00eb programit IDEA.<br \/>Ka dizenjuar dhe p\u00ebrgatitur programe trajnimi. Ajo ka ofruar trajnime dhe praktika pune p\u00ebr grat\u00eb dhe t\u00eb rejat e papuna<br \/>Yldize Ibrahimaj ka p\u00ebrvoj\u00eb n\u00eb zhvillimin e sektorit t\u00eb turizmit ( Agrotouriz\u00ebm dhe Guesthouse, Hospitality) ;<br \/>Rritje e aft\u00ebsive t\u00eb grave fermere, agrouturizmit dhe artizanatit.<br \/>Ajo ka zhvilluar kurrikula trajnimi p\u00ebrfshir\u00eb programe Training-of-Trainers(TOT);<br \/>\u00cbsht\u00eb angazhuar n\u00eb menaxhimin inovativ n\u00eb nivel komb\u00ebtar p\u00ebr zhvillimin e sip\u00ebrmarrjeve dhe bizneseve start up;<br \/>Studime fizibiliteti, analiza tregu dhe plane biznesi p\u00ebr SME-t\u00eb dhe t\u00eb rinjt\u00eb;<br \/>Ibrahimaj \u00ebsht\u00eb angazhuar edhe n\u00eb zhvillimin e aft\u00ebsive t\u00eb punonj\u00ebsve p\u00ebr SME dhe institucione publike;<br \/>Kontribut n\u00eb menaxhimin e burimeve njer\u00ebzore si dhe trajnimin e stafeve n\u00eb sip\u00ebrmarrje dhe institucione publike.<br \/>Konsulenc\u00eb dhe trajnim n\u00eb fush\u00ebn e turizmit dhe agro turiz\u00ebm<br \/>Ajo \u00ebsht\u00eb trajnere dhe coach e sip\u00ebrmarrjes sipas metodologjis\u00eb CEFE si dhe an\u00ebtare e shum\u00eb organizavae nd\u00ebrkomb\u00ebtare t\u00eb konsulenc\u00ebs dhe sip\u00ebrmarrjes.<\/p>\t\t\t\t\t\t\t\t<\/div>\n\t\t\t\t<\/div>\n\t\t\t\t<\/div>\n\t\t<div class=\"elementor-element elementor-element-11db66f e-con-full e-flex e-con e-child\" data-id=\"11db66f\" data-element_type=\"container\" data-e-type=\"container\" data-settings=\"{&quot;background_background&quot;:&quot;classic&quot;}\">\n\t\t\t\t<div class=\"elementor-element elementor-element-f166dfd elementor-widget elementor-widget-image\" data-id=\"f166dfd\" data-element_type=\"widget\" data-e-type=\"widget\" data-widget_type=\"image.default\">\n\t\t\t\t\t\t\t\t\t\t\t\t\t\t\t<img decoding=\"async\" width=\"402\" height=\"402\" data-src=\"https:\/\/weca.al\/wp-content\/uploads\/2025\/12\/Alida-Kondi4.png\" class=\"attachment-full size-full wp-image-619 lazyload\" alt=\"\" data-srcset=\"https:\/\/weca.al\/wp-content\/uploads\/2025\/12\/Alida-Kondi4.png 402w, https:\/\/weca.al\/wp-content\/uploads\/2025\/12\/Alida-Kondi4-300x300.png 300w, https:\/\/weca.al\/wp-content\/uploads\/2025\/12\/Alida-Kondi4-150x150.png 150w\" data-sizes=\"(max-width: 402px) 100vw, 402px\" src=\"data:image\/svg+xml;base64,PHN2ZyB3aWR0aD0iMSIgaGVpZ2h0PSIxIiB4bWxucz0iaHR0cDovL3d3dy53My5vcmcvMjAwMC9zdmciPjwvc3ZnPg==\" style=\"--smush-placeholder-width: 402px; --smush-placeholder-aspect-ratio: 402\/402;\" \/>\t\t\t\t\t\t\t\t\t\t\t\t\t\t\t<\/div>\n\t\t<div class=\"elementor-element elementor-element-63fbdf4 e-con-full e-flex e-con e-child\" data-id=\"63fbdf4\" data-element_type=\"container\" data-e-type=\"container\">\n\t\t\t\t<div class=\"elementor-element elementor-element-ea17911 elementor-widget elementor-widget-heading\" data-id=\"ea17911\" data-element_type=\"widget\" data-e-type=\"widget\" data-widget_type=\"heading.default\">\n\t\t\t\t\t<h2 class=\"elementor-heading-title elementor-size-default\">Sabi Osmani<\/h2>\t\t\t\t<\/div>\n\t\t\t\t<div class=\"elementor-element elementor-element-b883cb7 elementor-widget elementor-widget-heading\" data-id=\"b883cb7\" data-element_type=\"widget\" data-e-type=\"widget\" data-widget_type=\"heading.default\">\n\t\t\t\t\t<h2 class=\"elementor-heading-title elementor-size-default\">Executive Director<\/h2>\t\t\t\t<\/div>\n\t\t\t\t<div class=\"elementor-element elementor-element-a6cd364 text-sss elementor-widget elementor-widget-text-editor\" data-id=\"a6cd364\" data-element_type=\"widget\" data-e-type=\"widget\" data-widget_type=\"text-editor.default\">\n\t\t\t\t\t\t\t\t\t<p>Sabi Osmani \u00ebsht\u00eb nj\u00eb profesioniste e p\u00ebrkushtuar n\u00eb zhvillimin e ekosistemit t\u00eb inovacionit, sip\u00ebrmarrjes dhe fuqizimit ekonomik t\u00eb grave n\u00eb Shqip\u00ebri dhe rajon. Ajo sh\u00ebrben si Drejtore Ekzekutive e Dhom\u00ebs Ekonomike t\u00eb Gruas t\u00eb Shqip\u00ebris\u00eb (WECA), ku udh\u00ebheq programe transformuese p\u00ebr rritjen e kapaciteteve, mentorimin, digjitalizimin dhe zhvillimin e bizneseve t\u00eb drejtuara nga grat\u00eb.<br \/><br \/>Si bashk\u00eb-them\u00ebluese e Easy Solution, nj\u00eb kompani trajnimi dhe konsulence q\u00eb mb\u00ebshtet startup-et dhe NVM-t\u00eb n\u00eb adoptimin e teknologjive t\u00eb reja, Sabi kontribuon n\u00eb nd\u00ebrtimin e nj\u00eb ekosistemi modern dhe t\u00eb q\u00ebndruesh\u00ebm q\u00eb nxit inovacion, zhvillim profesional dhe rritje p\u00ebr nd\u00ebrmarrjet e reja dhe komunitetin e sip\u00ebrmarrjes.<br \/><br \/>N\u00eb rolin e saj n\u00eb sektorin jo-fitimprur\u00ebs dhe projektet komunitare, ajo ka udh\u00ebhequr nisma t\u00eb r\u00ebnd\u00ebsishme q\u00eb lidhen me ekonomin\u00eb e grave, zhvillimin rural, edukimin digjital, youth empowerment, p\u00ebrfshirjen sociale dhe mb\u00ebshtetjen e grupeve vulnerab\u00ebl. Sabi ka zhvilluar bashk\u00ebpunime t\u00eb q\u00ebndrueshme me institucione nd\u00ebrkomb\u00ebtare, donator\u00eb, universitete dhe sektorin privat, duke qen\u00eb nj\u00eb z\u00eb i fort\u00eb n\u00eb integrimin e grave n\u00eb ekonomi, inovacion dhe vendimmarrje.<br \/><br \/>P\u00ebrmes mentorimeve, bootcamp-eve, hackathoneve dhe programeve t\u00eb dedikuara p\u00ebr startup-et, Sabi mb\u00ebshtet zhvillimin e talenteve t\u00eb reja dhe krijimin e nj\u00eb komuniteti aktiv inovator\u00ebsh dhe sip\u00ebrmarr\u00ebsish.<br \/><br \/>E njohur p\u00ebr energjin\u00eb, vizionin dhe aft\u00ebsin\u00eb p\u00ebr t\u00eb lidhur njer\u00ebz, organizata dhe ide, ajo kontribuon \u00e7do dit\u00eb n\u00eb nd\u00ebrtimin e mund\u00ebsive t\u00eb reja p\u00ebr grat\u00eb, t\u00eb rinjt\u00eb dhe ekosistemin e startup-eve n\u00eb Shqip\u00ebri.<\/p>\t\t\t\t\t\t\t\t<\/div>\n\t\t\t\t<\/div>\n\t\t\t\t<\/div>\n\t\t<div class=\"elementor-element elementor-element-9f7d592 e-con-full e-flex e-con e-child\" data-id=\"9f7d592\" data-element_type=\"container\" data-e-type=\"container\" data-settings=\"{&quot;background_background&quot;:&quot;classic&quot;}\">\n\t\t\t\t<div class=\"elementor-element elementor-element-a0316ee elementor-widget elementor-widget-image\" data-id=\"a0316ee\" data-element_type=\"widget\" data-e-type=\"widget\" data-widget_type=\"image.default\">\n\t\t\t\t\t\t\t\t\t\t\t\t\t\t\t<img decoding=\"async\" width=\"402\" height=\"402\" data-src=\"https:\/\/weca.al\/wp-content\/uploads\/2025\/12\/Alida-Kondi3.png\" class=\"attachment-full size-full wp-image-620 lazyload\" alt=\"\" data-srcset=\"https:\/\/weca.al\/wp-content\/uploads\/2025\/12\/Alida-Kondi3.png 402w, https:\/\/weca.al\/wp-content\/uploads\/2025\/12\/Alida-Kondi3-300x300.png 300w, https:\/\/weca.al\/wp-content\/uploads\/2025\/12\/Alida-Kondi3-150x150.png 150w\" data-sizes=\"(max-width: 402px) 100vw, 402px\" src=\"data:image\/svg+xml;base64,PHN2ZyB3aWR0aD0iMSIgaGVpZ2h0PSIxIiB4bWxucz0iaHR0cDovL3d3dy53My5vcmcvMjAwMC9zdmciPjwvc3ZnPg==\" style=\"--smush-placeholder-width: 402px; --smush-placeholder-aspect-ratio: 402\/402;\" \/>\t\t\t\t\t\t\t\t\t\t\t\t\t\t\t<\/div>\n\t\t<div class=\"elementor-element elementor-element-aa6d8df e-con-full e-flex e-con e-child\" data-id=\"aa6d8df\" data-element_type=\"container\" data-e-type=\"container\">\n\t\t\t\t<div class=\"elementor-element elementor-element-71427e0 elementor-widget elementor-widget-heading\" data-id=\"71427e0\" data-element_type=\"widget\" data-e-type=\"widget\" data-widget_type=\"heading.default\">\n\t\t\t\t\t<h2 class=\"elementor-heading-title elementor-size-default\">Denisa Biba<\/h2>\t\t\t\t<\/div>\n\t\t\t\t<div class=\"elementor-element elementor-element-c805205 elementor-widget elementor-widget-heading\" data-id=\"c805205\" data-element_type=\"widget\" data-e-type=\"widget\" data-widget_type=\"heading.default\">\n\t\t\t\t\t<h2 class=\"elementor-heading-title elementor-size-default\">Project and Program Manager<\/h2>\t\t\t\t<\/div>\n\t\t\t\t<div class=\"elementor-element elementor-element-52bf93d text-sss elementor-widget elementor-widget-text-editor\" data-id=\"52bf93d\" data-element_type=\"widget\" data-e-type=\"widget\" data-widget_type=\"text-editor.default\">\n\t\t\t\t\t\t\t\t\t<p>Denisa Biba \u00ebsht\u00eb Menaxhere projektesh me eksperienc\u00eb n\u00eb sektorin jo-fitimprur\u00ebs, aktualisht e angazhuar n\u00eb drejtimin e programeve t\u00eb fuqizimit t\u00eb grave n\u00eb Dhom\u00ebn Ekonomike t\u00eb Gruas n\u00eb Shqip\u00ebri. Me formim profesional n\u00eb ekonomi dhe financ\u00eb, ajo zot\u00ebron aft\u00ebsi t\u00eb konsoliduara n\u00eb koordinimin e projekteve, organizimin e eventeve, menaxhimin e mediave sociale dhe angazhimin e bizneseve an\u00ebtare.<br \/><br \/>N\u00eb WECA, Denisa punon p\u00ebr t\u00eb forcuar rolin e grave n\u00eb sip\u00ebrmarrje, duke i mb\u00ebshtetur n\u00eb zhvillimin e bizneseve t\u00eb tyre, duke leht\u00ebsuar bashk\u00ebpunimin dhe duke krijuar rrjete me impakt. Ajo ka kontribuar n\u00eb krijimin dhe ofrimin e sh\u00ebrbimeve t\u00eb reja t\u00eb organizat\u00ebs, si programi i mentorimit dhe cikli i trajnimeve mujore, t\u00eb cilat synojn\u00eb rritjen e kapaciteteve t\u00eb sip\u00ebrmarr\u00ebseve dhe zgjerimin e mb\u00ebshtetjes p\u00ebr bizneset an\u00ebtare.<br \/><br \/>E p\u00ebrkushtuar n\u00eb krijimin e mund\u00ebsive, ofrimin e burimeve dhe nd\u00ebrtimin e nj\u00eb ekosistemi q\u00eb i nxit grat\u00eb t\u00eb rriten profesionalisht dhe t\u00eb fuqizohen ekonomikisht, Denisa vijon t\u00eb luaj\u00eb nj\u00eb rol t\u00eb r\u00ebnd\u00ebsish\u00ebm n\u00eb avancimin e misionit t\u00eb WECA-s.<\/p>\t\t\t\t\t\t\t\t<\/div>\n\t\t\t\t<\/div>\n\t\t\t\t<\/div>\n\t\t\t\t<div class=\"elementor-element elementor-element-e35ebe5 elementor-widget elementor-widget-html\" data-id=\"e35ebe5\" data-element_type=\"widget\" data-e-type=\"widget\" data-widget_type=\"html.default\">\n\t\t\t\t\t<style>\n    .text-sss {\n    position: relative;\n}\n\n.text-sss .bio-full {\n    display: none;\n}\n\n.text-sss .bio-toggle {\n    border: none;\n    background: transparent;\n    padding: 0;\n    margin-top: 16px;\n    cursor: pointer;\n    display: inline-flex;\n    align-items: center;\n    justify-content: center;\n}\n\n.text-sss .bio-toggle img {\n    width: 40px;\n    height: 40px;\n    display: block;\n}\n\n<\/style>\n<script>\ndocument.addEventListener('DOMContentLoaded', function () {\n\n    \/\/ Find ALL bio blocks on the page\n    const bioBlocks = document.querySelectorAll('.text-sss');\n\n    bioBlocks.forEach(function(block) {\n\n        const paragraph = block.querySelector('p');\n        if (!paragraph) return;\n\n        const fullText = paragraph.textContent.trim();\n        const limit = 350; \/\/ change if needed\n\n        if (fullText.length <= limit) return;\n\n        \/\/ Make short version (cut on whole word)\n        let shortText = fullText.slice(0, limit);\n        const lastSpace = shortText.lastIndexOf(' ');\n        if (lastSpace > 0) {\n            shortText = shortText.slice(0, lastSpace);\n        }\n\n        \/\/ Clear current text\n        paragraph.textContent = '';\n\n        \/\/ Create spans\n        const shortSpan = document.createElement('span');\n        shortSpan.className = 'bio-short';\n        shortSpan.textContent = shortText + ' ';\n\n        const ellipsisSpan = document.createElement('span');\n        ellipsisSpan.className = 'bio-ellipsis';\n        ellipsisSpan.textContent = '...';\n\n        const fullSpan = document.createElement('span');\n        fullSpan.className = 'bio-full';\n        fullSpan.textContent = fullText.slice(shortText.length);\n\n        \/\/ Append spans\n        paragraph.appendChild(shortSpan);\n        paragraph.appendChild(ellipsisSpan);\n        paragraph.appendChild(fullSpan);\n\n        \/\/ Create toggle button\n        const toggleBtn = document.createElement('button');\n        toggleBtn.type = 'button';\n        toggleBtn.className = 'bio-toggle';\n        toggleBtn.setAttribute('aria-expanded', 'false');\n\n        const icon = document.createElement('img');\n        icon.src = 'https:\/\/weca.al\/wp-content\/uploads\/2025\/12\/Frame-49.svg';\n        icon.alt = 'Zgjero tekstin';\n\n        toggleBtn.appendChild(icon);\n\n        \/\/ Add under text\n        paragraph.parentNode.appendChild(toggleBtn);\n\n        \/\/ Toggle handler\n        toggleBtn.addEventListener('click', function () {\n            const expanded = toggleBtn.getAttribute('aria-expanded') === 'true';\n\n            if (expanded) {\n                toggleBtn.setAttribute('aria-expanded', 'false');\n                icon.src = 'https:\/\/weca.al\/wp-content\/uploads\/2025\/12\/Frame-49.svg';\n                ellipsisSpan.style.display = 'inline';\n                fullSpan.style.display = 'none';\n            } else {\n                toggleBtn.setAttribute('aria-expanded', 'true');\n                icon.src = 'https:\/\/weca.al\/wp-content\/uploads\/2025\/12\/Frame-50.svg';\n                ellipsisSpan.style.display = 'none';\n                fullSpan.style.display = 'inline';\n            }\n        });\n\n    });\n\n});\n<\/script>\n\t\t\t\t<\/div>\n\t\t\t\t<\/div>\n\t\t\t\t<\/div>\n\t\t<div class=\"elementor-element elementor-element-1d8b72f e-flex e-con-boxed e-con e-parent\" data-id=\"1d8b72f\" data-element_type=\"container\" data-e-type=\"container\" data-settings=\"{&quot;background_background&quot;:&quot;classic&quot;}\">\n\t\t\t\t\t<div class=\"e-con-inner\">\n\t\t\t\t<div class=\"elementor-element elementor-element-8e11d04 elementor-widget elementor-widget-heading\" data-id=\"8e11d04\" data-element_type=\"widget\" data-e-type=\"widget\" data-widget_type=\"heading.default\">\n\t\t\t\t\t<h2 class=\"elementor-heading-title elementor-size-default\">Join Us!<\/h2>\t\t\t\t<\/div>\n\t\t\t\t<div class=\"elementor-element elementor-element-0d1a623 elementor-widget elementor-widget-button\" data-id=\"0d1a623\" data-element_type=\"widget\" data-e-type=\"widget\" data-widget_type=\"button.default\">\n\t\t\t\t\t\t\t\t\t\t<a class=\"elementor-button elementor-button-link elementor-size-sm\" href=\"https:\/\/weca.al\/en\/anetaresohu\/\">\n\t\t\t\t\t\t<span class=\"elementor-button-content-wrapper\">\n\t\t\t\t\t\t\t\t\t<span class=\"elementor-button-text\">Click Here<\/span>\n\t\t\t\t\t<\/span>\n\t\t\t\t\t<\/a>\n\t\t\t\t\t\t\t\t<\/div>\n\t\t\t\t\t<\/div>\n\t\t\t\t<\/div>\n\t\t\t\t<\/div>","protected":false},"excerpt":{"rendered":"<p>Bordi Drejtues Antonela Hako Kryetare e Dhom\u00ebs Ekonomike t\u00eb Gruas (Hako sh.p.k) Rrug\u00ebtimi i saj pasqyron udh\u00ebzimet m\u00eb t\u00eb mira p\u00ebr t\u00eb zhvilluar karrier\u00eb. Pas p\u00ebrfundimit t\u00eb studimeve n\u00eb Fakuletin Ekonomik n\u00eb Financ\u00eb n\u00eb vitin 1988 n\u00eb universitetin e Tiran\u00ebs, Antonela Hako punon p\u00ebr dy vite si ekonomiste n\u00eb La\u00e7, n\u00eb Nd\u00ebrrmarjen e Nd\u00ebrtimeve Industriale.N\u00eb [&hellip;]<\/p>\n","protected":false},"author":1,"featured_media":0,"parent":0,"menu_order":0,"comment_status":"closed","ping_status":"closed","template":"elementor_header_footer","meta":{"_acf_changed":false,"footnotes":""},"class_list":["post-27","page","type-page","status-publish","hentry"],"acf":[],"aioseo_notices":[],"jetpack_sharing_enabled":true,"_links":{"self":[{"href":"https:\/\/weca.al\/en\/wp-json\/wp\/v2\/pages\/27","targetHints":{"allow":["GET"]}}],"collection":[{"href":"https:\/\/weca.al\/en\/wp-json\/wp\/v2\/pages"}],"about":[{"href":"https:\/\/weca.al\/en\/wp-json\/wp\/v2\/types\/page"}],"author":[{"embeddable":true,"href":"https:\/\/weca.al\/en\/wp-json\/wp\/v2\/users\/1"}],"replies":[{"embeddable":true,"href":"https:\/\/weca.al\/en\/wp-json\/wp\/v2\/comments?post=27"}],"version-history":[{"count":65,"href":"https:\/\/weca.al\/en\/wp-json\/wp\/v2\/pages\/27\/revisions"}],"predecessor-version":[{"id":7998,"href":"https:\/\/weca.al\/en\/wp-json\/wp\/v2\/pages\/27\/revisions\/7998"}],"wp:attachment":[{"href":"https:\/\/weca.al\/en\/wp-json\/wp\/v2\/media?parent=27"}],"curies":[{"name":"wp","href":"https:\/\/api.w.org\/{rel}","templated":true}]}}